{"id":3998,"date":"2018-11-06T11:29:18","date_gmt":"2018-11-06T10:29:18","guid":{"rendered":"http:\/\/deportes.umh.es\/?page_id=3998"},"modified":"2022-09-06T13:56:58","modified_gmt":"2022-09-06T11:56:58","slug":"voluntariado-deportivo-umh","status":"publish","type":"page","link":"https:\/\/deportes.umh.es\/en\/formacion\/voluntariado-deportivo-umh\/","title":{"rendered":"UMH Sport Volunteers"},"content":{"rendered":"<p><\/p>\n<div>\n<div class=\"result-shield-container\">\n<div>\n<div><\/div>\n<div><span style=\"color: #0000ff\"><strong><span class=\"translation\">Next event to participate:<\/span><\/strong><\/span><\/div>\n<\/div>\n<\/div>\n<\/div>\n<div><span id=\"result_box\" lang=\"en\">III Family Sports Day promoted by the Safari River Foundation and in collaboration with the TAO Project that is committed to animal-assisted therapies<\/span>.<\/div>\n<div>More\u00a0information\u00a0 <a href=\"http:\/\/www.fundacionriosafari.org\/\">www.fundacionriosafari.org<\/a><\/div>\n<div><\/div>\n<div><a href=\"https:\/\/deportes.umh.es\/cursos\/voluntariado-deportivo-umh\/rio-safari-a5\/\" rel=\"attachment wp-att-6962\"><img loading=\"lazy\" class=\"alignnone size-medium wp-image-6962\" src=\"https:\/\/deportes.umh.es\/files\/2018\/06\/Cartel.-RIO-SAFARI-209x300.jpg\" alt=\"\" width=\"209\" height=\"300\" srcset=\"https:\/\/deportes.umh.es\/files\/2018\/06\/Cartel.-RIO-SAFARI-209x300.jpg 209w, https:\/\/deportes.umh.es\/files\/2018\/06\/Cartel.-RIO-SAFARI-768x1104.jpg 768w, https:\/\/deportes.umh.es\/files\/2018\/06\/Cartel.-RIO-SAFARI-712x1024.jpg 712w, https:\/\/deportes.umh.es\/files\/2018\/06\/Cartel.-RIO-SAFARI.jpg 1733w\" sizes=\"(max-width: 209px) 100vw, 209px\" \/><\/a><\/div>\n<div><\/div>\n<div><a href=\"https:\/\/deportes.umh.es\/cursos\/voluntariado-deportivo-umh\/horarios-fundacion-rio-safari\/\" rel=\"attachment wp-att-6965\">Horarios fundacion rio safari<\/a><\/div>\n<div><\/div>\n<div>_________________________________________________________________________________________________________________<\/div>\n<div><\/div>\n<div>\n<div class=\"result-shield-container\">\n<div>\n<div><a href=\"https:\/\/deportes.umh.es\/cursos\/voluntariado-deportivo-umh\/cartel-duatlon-md-orihuela\/\" rel=\"attachment wp-att-6182\"><img loading=\"lazy\" class=\"alignnone size-medium wp-image-6182\" src=\"https:\/\/deportes.umh.es\/files\/2018\/02\/cartel-duatlon-md-Orihuela-300x212.png\" alt=\"\" width=\"300\" height=\"212\" srcset=\"https:\/\/deportes.umh.es\/files\/2018\/02\/cartel-duatlon-md-Orihuela-300x212.png 300w, https:\/\/deportes.umh.es\/files\/2018\/02\/cartel-duatlon-md-Orihuela-768x543.png 768w, https:\/\/deportes.umh.es\/files\/2018\/02\/cartel-duatlon-md-Orihuela.png 895w\" sizes=\"(max-width: 300px) 100vw, 300px\" \/><\/a><a href=\"https:\/\/deportes.umh.es\/cursos\/voluntariado-deportivo-umh\/cartel-duatlon-2\/\" rel=\"attachment wp-att-6221\"><img loading=\"lazy\" class=\"alignnone size-medium wp-image-6221\" src=\"https:\/\/deportes.umh.es\/files\/2018\/02\/cartel-duatlon-2-300x204.jpg\" alt=\"\" width=\"300\" height=\"204\" srcset=\"https:\/\/deportes.umh.es\/files\/2018\/02\/cartel-duatlon-2-300x204.jpg 300w, https:\/\/deportes.umh.es\/files\/2018\/02\/cartel-duatlon-2-768x523.jpg 768w, https:\/\/deportes.umh.es\/files\/2018\/02\/cartel-duatlon-2-1024x697.jpg 1024w, https:\/\/deportes.umh.es\/files\/2018\/02\/cartel-duatlon-2.jpg 1600w\" sizes=\"(max-width: 300px) 100vw, 300px\" \/><\/a><\/div>\n<div>\n<div id=\"gt-c\" class=\"g-section\">\n<div id=\"gt-form-c\">\n<div id=\"gt-text-all\">\n<div id=\"gt-main\">\n<div id=\"gt-text-c\">\n<div id=\"gt-text-top\">\n<div id=\"gt-res-c\" class=\"g-unit\">\n<div id=\"gt-res-p\">\n<div id=\"gt-res-data\">\n<div id=\"gt-res-wrap\">\n<div id=\"gt-res-content\">\n<div id=\"gt-res-dir-ctr\" class=\"trans-verified-button-small\" dir=\"ltr\"><span lang=\"en\"><span lang=\"en\"><span title=\"CAMPEONATO DE ESPA\u00d1A DE DUATL\u00d3N MD \">CHAMPIONSHIP OF SPAIN OF DUATL\u00d3N MD<br \/>\n<\/span><span title=\"ORIHUELA 90.0 \">ORIHUELA 90.0<br \/>\n<\/span><span title=\"DOMINGO 4 DE MARZO DE 2018 \">SUNDAY, MARCH 4, 2018<br \/>\n<\/span><span title=\"\uf076 Grupo Ciclismo: \">\uf076 Cycling Group:<br \/>\n<\/span><span title=\"Hora de convocatoria: 8.00 h Recinto ferial \u201cLos Huertos\u201d. \">Call time: 8.00 am Fairgrounds &#8220;Los Huertos&#8221;.<br \/>\n<\/span><span title=\"Ubicaci\u00f3n: PARKING AVD.\">Location: PARKING AVD. <\/span><span title=\"DR G\u00d3MEZ PARDO R\u00d3DENAS. \">DR G\u00d3MEZ PARDO R\u00d3DENAS.<br \/>\n<\/span><span title=\"Responsable: Eli \">Responsible: Eli<br \/>\n<\/span><span title=\"*Deber\u00e1n llevar chaleco refl\u00e9ctante amarillo. \">* They must wear yellow reflective vest.<br \/>\n<\/span><span title=\"Funci\u00f3n: Cortar caminos, cruces o asegurar un punto conflictivo de la prueba para dejar libre el circuito en horario establecido de carrera (Guardia Civil abre carrera con bandera verde y cierra con bandera roja m\u00e1s coche escoba, aqu\u00ed acaba nuestro cometido). \">Function: Cut roads, crossings or ensure a conflicting point of the test to clear the circuit at set time of race (Civil Guard opens race with green flag and closes with red flag plus broom car, here ends our assignment).<br \/>\n<\/span><span title=\"Se facilitar\u00e1 un bus opcional para ubicar a los voluntarios que no dispongan de veh\u00edculo propio o prefieran ser ubicados desde el bus.\">An optional bus will be provided to locate volunteers who do not have their own vehicle or prefer to be located from the bus. <\/span><span title=\"La salida del bus ser\u00e1n lo m\u00e1s puntal posible a la hora de convocatoria y es preferible comunicar el uso del mismo. \">The bus output will be as strut as possible at the time of call and it is preferable to communicate the use of it.<br \/>\n<\/span><span title=\"La ubicaci\u00f3n de los distintos puntos a cubrir, ser\u00e1 facilitada por el responsable de \u00e1rea d\u00edas antes de la prueba, el voluntario puede optar tambi\u00e9n por el uso de veh\u00edculo propio para agilizar horarios. \">The location of the different points to be covered, will be facilitated by the area manager days before the test, the volunteer can also choose to use their own vehicle to streamline schedules.<br \/>\n<\/span><span title=\"\uf076 Grupo A Carrera a pie: \">\uf076 Group A Running on foot:<br \/>\n<\/span><span title=\"Hora de convocatoria: 8.00 h Plaza Colegio Diocesano Santo Domingo \">Convocation time: 8 a.m Plaza Colegio Diocesano Santo Domingo<br \/>\n<\/span><span title=\"Ubicaci\u00f3n: Carpa del Voluntariado \">Location: Volunteer Tent<br \/>\n<\/span><span title=\"Responsable: Paloma \">Responsible: Paloma<br \/>\n<\/span><span title=\"\uf076 Grupo B Carrera a pie: \">\uf076 Group B Race on foot:<br \/>\n<\/span><span title=\"Hora de convocatoria: 10.15 h Plaza Colegio Diocesano Santo Domingo \">Convocation time: 10:15 am Santo Domingo Diocesan College Plaza<br \/>\n<\/span><span title=\"Ubicaci\u00f3n: Carpa del Voluntariado \">Location: Volunteer Tent<br \/>\n<\/span><span title=\"Responsable: Paloma \">Responsible: Paloma<br \/>\n<\/span><span title=\"Funci\u00f3n: Prevenir flujo de gente en el recorrido, cortar caminos, cruces o asegurar un punto conflictivo de la prueba para dejar libre el circuito en horario establecido de carrera (habr\u00e1 dispositivo de apertura y cierre de carrera). \">Function: Prevent the flow of people on the course, cut roads, crossings or ensure a conflicting point of the test to clear the circuit in the established race schedule (there will be a device for opening and closing the race).<\/span><\/span><\/span><span lang=\"en\"><span lang=\"en\"><span title=\"A los voluntarios se les entregar\u00e1 la bolsa del voluntariado con camiseta del evento, bocadillo, agua, fruta, pulsera para la comida, descuentos, por ejemplo en alguna prueba de a300w triatl\u00f3n club, y sorpresas.\">Volunteers will be given the volunteer bag with event t-shirt, sandwich, water, fruit, bracelet for the meal, discounts, for example in a test of a300w triathlon club, and surprises. <\/span><span title=\"Todo ello en un ambiente deportivo a ritmo del mejor espect\u00e1culo. \">All this in a sports atmosphere to the rhythm of the best show.<\/span><\/span><\/span><span id=\"result_box\" lang=\"en\"><span title=\"Perfil de los estudiantes requeridos: No es necesario un perfil especifico. \">Profile of the required students: A specific profile is not necessary.<br \/>\n<\/span><span title=\"Mas info en: eli@a300w.com \u00f3 en Facebook en VoluntariadoA300W\">More info at: eli@a300w.com or on Facebook at VoluntariadoA300W<\/span><\/span><\/div>\n<\/div>\n<\/div>\n<\/div>\n<\/div>\n<\/div>\n<\/div>\n<\/div>\n<\/div>\n<\/div>\n<\/div>\n<\/div>\n<\/div>\n<div><\/div>\n<div><span style=\"color: #0000ff\"><strong><span class=\"translation\">Next event to participate:<\/span><\/strong><\/span><\/div>\n<div><a href=\"https:\/\/deportes.umh.es\/cursos\/voluntariado-deportivo-umh\/cartel-carrera-solidaria-eliminando-barreras\/\" rel=\"attachment wp-att-5720\"><img loading=\"lazy\" class=\"alignnone size-medium wp-image-5720\" src=\"https:\/\/deportes.umh.es\/files\/2015\/10\/cartel-carrera-solidaria-eliminando-barreras-212x300.jpg\" alt=\"\" width=\"212\" height=\"300\" srcset=\"https:\/\/deportes.umh.es\/files\/2015\/10\/cartel-carrera-solidaria-eliminando-barreras-212x300.jpg 212w, https:\/\/deportes.umh.es\/files\/2015\/10\/cartel-carrera-solidaria-eliminando-barreras-768x1085.jpg 768w, https:\/\/deportes.umh.es\/files\/2015\/10\/cartel-carrera-solidaria-eliminando-barreras-725x1024.jpg 725w, https:\/\/deportes.umh.es\/files\/2015\/10\/cartel-carrera-solidaria-eliminando-barreras.jpg 1181w\" sizes=\"(max-width: 212px) 100vw, 212px\" \/><\/a><\/div>\n<div>\n<div class=\"result-shield-container\"><span class=\"translation\">Activity: I Solidarity Race &#8220;Eliminating Barriers&#8221;: \u00a0<\/span><\/div>\n<div class=\"result-shield-container\"><span class=\"translation\">Dates of the activity: December 10, 2017. Volunteer work dates: Sunday, December 10. <\/span><\/div>\n<div class=\"result-shield-container\"><span class=\"translation\">Meeting place: Cortefiel Alicante, Avda. Doctor Gadea 24 Alicante. <\/span><\/div>\n<div class=\"result-shield-container\"><span class=\"translation\">Hours to carry out and schedules: from 8 a.m. to 2:00 p.m. <\/span><\/div>\n<div class=\"result-shield-container\"><span class=\"translation\">Contact for volunteers: JUAN JOS\u00c9 CASELLES L\u00d3PEZ, Cocemfe Alicante Leisure Technician. 965257187 \/ ocio@cocemfealicante.org <\/span><\/div>\n<div class=\"result-shield-container\"><span class=\"translation\">Conditions of volunteering: diets, work, insurance, maintenance, etc. The volunteers would be insured for the activity, the tasks to be performed are the following: \u2022 Distribution of numbers. \u2022 Supply area. \u2022 Assembly of trophy table. \u2022 Corridor signaling and guidance during the test. A test shirt will be given to each volunteer and he will be invited to a snack during the morning. <\/span><\/div>\n<div class=\"result-shield-container\"><span class=\"translation\">Profile of the required students: It is not necessary to have a specific profile, although maybe students from the area of \u200b\u200bAlicante prefer to travel.<\/span><\/div>\n<\/div>\n<div><\/div>\n<div class=\"result-shield-container\"><span style=\"color: #0000ff\"><strong><span class=\"translation\">Next event to participate:<\/span><\/strong><\/span><\/div>\n<\/div>\n<div>\n<div class=\"result-shield-container\"><span class=\"translation\">Activity: Spanish Gymnastics Championship: <\/span><\/div>\n<div class=\"result-shield-container\"><span class=\"translation\">Collaboration with the FGCV and RFEG for the organization of the National Championships, assistance to the athletes (access and orientation in the installation), times of the competition, collaboration for the proper functioning and correct use of public spaces during the competition. <\/span><\/div>\n<div class=\"result-shield-container\"><span class=\"translation\">Dates of the activity: from November 22 to November 26, <\/span><span class=\"translation\">Volunteer work dates: from November 22 to November 26 <\/span><\/div>\n<div class=\"result-shield-container\"><span class=\"translation\">Meeting point: Pedro Ferr\u00e1ndiz Pavilion Alicante Technology Center <\/span><\/div>\n<div class=\"result-shield-container\"><span class=\"translation\">Hours to be carried out and schedules: There will be two shifts per day of each working group, one morning shift and one afternoon shift of approximately 7 hours each. Contact for volunteers: Elisa Maluenda and Adri\u00e1n Rodriguez (send an email to request the phone number) Volunteer conditions: diets, work, insurance, maintenance, etc. Work: They will be coordinated during the event and Elisa and Adri\u00e1n will indicate their positions during the competition, the volunteer will be counted each day and depending on the shift will be provided lunch or snack, the FGCV contracts liability insurance for the event and employees and volunteers are covered. <\/span><\/div>\n<div class=\"result-shield-container\"><span class=\"translation\">Profile of the students required: Students interested in sports with a positive attitude towards the organization of events and direct contact with people<\/span><\/div>\n<\/div>\n<div><\/div>\n<div class=\"result-shield-container\"><strong><span class=\"translation\" style=\"color: #0000ff\">Next event to participate:<\/span><\/strong><\/div>\n<div><\/div>\n<\/div>\n<\/div>\n<div><a href=\"https:\/\/deportes.umh.es\/files\/2015\/10\/Diptico_P\u00e1gina_2.jpg\"><img loading=\"lazy\" class=\"alignnone size-medium wp-image-5702\" src=\"https:\/\/deportes.umh.es\/files\/2015\/10\/Diptico_P\u00e1gina_2-300x300.jpg\" alt=\"\" width=\"300\" height=\"300\" srcset=\"https:\/\/deportes.umh.es\/files\/2015\/10\/Diptico_P\u00e1gina_2-300x300.jpg 300w, https:\/\/deportes.umh.es\/files\/2015\/10\/Diptico_P\u00e1gina_2-150x150.jpg 150w, https:\/\/deportes.umh.es\/files\/2015\/10\/Diptico_P\u00e1gina_2-768x768.jpg 768w, https:\/\/deportes.umh.es\/files\/2015\/10\/Diptico_P\u00e1gina_2-1024x1024.jpg 1024w, https:\/\/deportes.umh.es\/files\/2015\/10\/Diptico_P\u00e1gina_2.jpg 1701w\" sizes=\"(max-width: 300px) 100vw, 300px\" \/><\/a><\/div>\n<div class=\"result-shield-container\"><span class=\"translation\">Activity: Charity Race and March Against Breast Cancer <\/span><\/div>\n<div class=\"result-shield-container\"><span class=\"translation\">Dates of the Activity: November 26 at 10.00 <\/span><\/div>\n<div class=\"result-shield-container\"><span class=\"translation\">Meeting place: Paseo de la Estaci\u00f3n <\/span><\/div>\n<div class=\"result-shield-container\"><span class=\"translation\">Hours to Perform and Schedules: There will be a simultaneous race start and departure at 10.00 am from the Paseo. At 11.30 the Trophy Awards will take place At 11.45 a Zumba event will begin At 12.15 the Children&#8217;s Race will take place <\/span><\/div>\n<div class=\"result-shield-container\"><span class=\"translation\">Contact for Volunteers: Inma Guzm\u00e1n. Request phone by mail or message.<\/span><\/div>\n<div>\n<div class=\"result-shield-container\"><span class=\"translation\">Volunteer Conditions: Volunteers will have t-shirt and free lunch that will be provided by the Association. Likewise, an accident insurance will be arranged for each one of them. The function to develop will be based on the delimitation of the route to be carried out by the participants, so that they collaborate in the signaling according to the local police guidelines. The arrival time at each signaling point will be approximately at 9.00. Once they have finished their function they can go to the Paseo de la Estaci\u00f3n to pick up their lunch in one of the tents and continue enjoying the event. <\/span><\/div>\n<div class=\"result-shield-container\"><span class=\"translation\">Profile of required students: volunteers from 18 years old<\/span><\/div>\n<\/div>\n<p><a href=\"https:\/\/deportes.umh.es\/2016\/10\/21\/participa-como-voluntario-en-la-mitja-marato-santa-pola-2017\/cartel-v2-mitja-santa-pola-2017\/\" rel=\"attachment wp-att-4835\"><img loading=\"lazy\" class=\"alignnone size-medium wp-image-4835\" src=\"https:\/\/deportes.umh.es\/files\/2016\/10\/CARTEL-V2-MITJA-SANTA-POLA-2017-213x300.png\" alt=\"cartel-v2-mitja-santa-pola-2017\" width=\"213\" height=\"300\" srcset=\"https:\/\/deportes.umh.es\/files\/2016\/10\/CARTEL-V2-MITJA-SANTA-POLA-2017-213x300.png 213w, https:\/\/deportes.umh.es\/files\/2016\/10\/CARTEL-V2-MITJA-SANTA-POLA-2017-727x1024.png 727w, https:\/\/deportes.umh.es\/files\/2016\/10\/CARTEL-V2-MITJA-SANTA-POLA-2017.png 728w\" sizes=\"(max-width: 213px) 100vw, 213px\" \/><\/a><\/p>\n<p>Participates as a volunteer in Santa Pola Half Marathon 2017 to be held on Sunday 22 January, 2017.<\/p>\n<p>If you are interested in participating, please contact the Athletics Club SANTA POLA <a href=\"mailto:atletismosantapola@gmail.com\">atletismosantapola@gmail.com<\/a>. You will be informed of all the details, timetables and specific tasks.<\/p>\n<p>The tasks you can participate are:<\/p>\n<p>antidoping control:<br \/>\n\u2022 Accompaniment elite athletes (required knowledge of English)<\/p>\n<p>Services Registration \/ Incidents Corridor Fair<br \/>\n\u2022 Incidences inscriptions (English required)<\/p>\n<p>Assembly and disassembly arches kilometric points<br \/>\n\u2022 Mount \/ Dismount and control over smooth functioning until last runner<\/p>\n<p>Output Control area<\/p>\n<p><span class=\"alt-edited\">Victualling in<\/span> <span class=\"alt-edited\">finish<\/span> area<br \/>\n\u2022 Serving the area manager (help deal of material, etc \u2026)<\/p>\n<p>De todos modos, para registrarte en las bases de datos de la Oficina de Deportes de la UMH\u00a0como Voluntario para futuros eventos, por favor, rellena y env\u00eda\u00a0este formulario:<\/p>\n\n<!-- iframe plugin v.4.5 wordpress.org\/plugins\/iframe\/ -->\n<iframe src=\"https:\/\/docs.google.com\/forms\/d\/12DeUEcZ2tM9mbcjxF1__6ykpJ4L4YQOBLBNLouekMcw\/viewform?embedded=true\" width=\"760\" height=\"2000\" frameborder=\"0\" marginheight=\"0\" 0=\"marginwidth=&quot;0&quot;&gt;Cargando...\" scrolling=\"yes\" class=\"iframe-class\"><\/iframe>\n\n<p><img src=\"https:\/\/deportes.umh.es\/files\/2016\/03\/CARTEL-COPA-ESPA\u00d1A-TRIATLON-ARENALES-113-2016.jpg\" alt=\"\" \/><\/p>\n<p><span id=\"result_box\" lang=\"en\"><strong><span class=\"hps\">XII<\/span> <span class=\"hps\">edition of the<\/span> <span class=\"hps\">Triathlon<\/span> <span class=\"hps\">Arenales<\/span> <span class=\"hps\">113 \u2013<\/span> <span class=\"hps\">Media<\/span> <span class=\"hps\">Cup<\/span> <span class=\"hps\">Spain<\/span> <span class=\"hps\">Distance-<\/span> <span class=\"hps\">April 17, 2016<\/span><\/strong><\/span><\/p>\n<p>For more information: <a href=\"https:\/\/deportes.umh.es\/novedades\/\" target=\"_blank\" rel=\"noopener noreferrer\">Voluntariado Arenales 113<\/a><\/p>","protected":false},"excerpt":{"rendered":"<p>Next event to participate:<\/p>\n<p>III Family Sports Day promoted by the Safari River Foundation and in collaboration with the TAO Project that is committed to animal-assisted therapies.<br \/>\nMore\u00a0information\u00a0 www.fundacionriosafari.org<\/p>\n<p>Horarios fundacion rio safari<\/p>\n<p>_________________________________________________________________________________________________________________<\/p>\n<p>CHAMPIONSHIP OF SPAIN OF DUATL\u00d3N MD<br \/>\nORIHUELA 90.0<br \/>\nSUNDAY, MARCH 4, 2018<br \/>\n\uf076 Cycling Group:<br \/>\nCall time: 8.00 am Fairgrounds &#8220;Los Huertos&#8221;.<br \/>\nLocation: PARKING AVD. DR G\u00d3MEZ PARDO R\u00d3DENAS.<br \/>\nResponsible: Eli<br \/>\n* They [&#8230;]<\/p>\n","protected":false},"author":47,"featured_media":0,"parent":10157,"menu_order":1,"comment_status":"closed","ping_status":"open","template":"","meta":{"_links_to":"","_links_to_target":""},"_links":{"self":[{"href":"https:\/\/deportes.umh.es\/en\/wp-json\/wp\/v2\/pages\/3998"}],"collection":[{"href":"https:\/\/deportes.umh.es\/en\/wp-json\/wp\/v2\/pages"}],"about":[{"href":"https:\/\/deportes.umh.es\/en\/wp-json\/wp\/v2\/types\/page"}],"author":[{"embeddable":true,"href":"https:\/\/deportes.umh.es\/en\/wp-json\/wp\/v2\/users\/47"}],"replies":[{"embeddable":true,"href":"https:\/\/deportes.umh.es\/en\/wp-json\/wp\/v2\/comments?post=3998"}],"version-history":[{"count":0,"href":"https:\/\/deportes.umh.es\/en\/wp-json\/wp\/v2\/pages\/3998\/revisions"}],"up":[{"embeddable":true,"href":"https:\/\/deportes.umh.es\/en\/wp-json\/wp\/v2\/pages\/10157"}],"wp:attachment":[{"href":"https:\/\/deportes.umh.es\/en\/wp-json\/wp\/v2\/media?parent=3998"}],"curies":[{"name":"wp","href":"https:\/\/api.w.org\/{rel}","templated":true}]}}