{"id":3998,"date":"2018-11-06T11:29:18","date_gmt":"2018-11-06T10:29:18","guid":{"rendered":"http:\/\/deportes.umh.es\/?page_id=3998"},"modified":"2022-09-06T13:56:58","modified_gmt":"2022-09-06T11:56:58","slug":"voluntariado-deportivo-umh","status":"publish","type":"page","link":"https:\/\/deportes.umh.es\/ca\/formacion\/voluntariado-deportivo-umh\/","title":{"rendered":"Voluntariat Esportiu UMH"},"content":{"rendered":"<p><\/p>\n<div><span style=\"color: #0000ff\"><strong><span class=\"translation\">Pr\u00f2xim esdeveniment per a participar:<\/span><\/strong><\/span><\/div>\n<div><span id=\"result_box\" lang=\"ca\">III Jornada Esportiva Familiar promoguda per la Fundaci\u00f3 Riu Safari i en col\u00b7laboraci\u00f3 amb el Projecte TAO que es compromet per les ter\u00e0pies assistides amb animals<\/span><\/div>\n<div>\n<p><span class=\"short_text\" lang=\"ca\"><span class=\"short_text\" lang=\"ca\">M\u00e9s informaci\u00f3n <a href=\"http:\/\/www.fundacionriosafari.org\/\">www.fundacionriosafari.org<\/a><\/span><\/span><\/p>\n<p><a href=\"https:\/\/deportes.umh.es\/cursos\/voluntariado-deportivo-umh\/rio-safari-a5\/\" rel=\"attachment wp-att-6962\"><img loading=\"lazy\" class=\"alignnone size-medium wp-image-6962\" src=\"https:\/\/deportes.umh.es\/files\/2018\/06\/Cartel.-RIO-SAFARI-209x300.jpg\" alt=\"\" width=\"209\" height=\"300\" srcset=\"https:\/\/deportes.umh.es\/files\/2018\/06\/Cartel.-RIO-SAFARI-209x300.jpg 209w, https:\/\/deportes.umh.es\/files\/2018\/06\/Cartel.-RIO-SAFARI-768x1104.jpg 768w, https:\/\/deportes.umh.es\/files\/2018\/06\/Cartel.-RIO-SAFARI-712x1024.jpg 712w, https:\/\/deportes.umh.es\/files\/2018\/06\/Cartel.-RIO-SAFARI.jpg 1733w\" sizes=\"(max-width: 209px) 100vw, 209px\" \/><\/a><\/p>\n<p><a href=\"https:\/\/deportes.umh.es\/cursos\/voluntariado-deportivo-umh\/horarios-fundacion-rio-safari\/\" rel=\"attachment wp-att-6965\">Horarios fundacion rio safari<\/a><\/p>\n<\/div>\n<div>_______________________________________________________________________________________________________________<\/div>\n<div><\/div>\n<div><\/div>\n<div><a href=\"https:\/\/deportes.umh.es\/cursos\/voluntariado-deportivo-umh\/cartel-duatlon-md-orihuela\/\" rel=\"attachment wp-att-6182\"><img loading=\"lazy\" class=\"alignnone size-medium wp-image-6182\" src=\"https:\/\/deportes.umh.es\/files\/2018\/02\/cartel-duatlon-md-Orihuela-300x212.png\" alt=\"\" width=\"300\" height=\"212\" srcset=\"https:\/\/deportes.umh.es\/files\/2018\/02\/cartel-duatlon-md-Orihuela-300x212.png 300w, https:\/\/deportes.umh.es\/files\/2018\/02\/cartel-duatlon-md-Orihuela-768x543.png 768w, https:\/\/deportes.umh.es\/files\/2018\/02\/cartel-duatlon-md-Orihuela.png 895w\" sizes=\"(max-width: 300px) 100vw, 300px\" \/>\u00a0\u00a0<\/a><a href=\"https:\/\/deportes.umh.es\/cursos\/voluntariado-deportivo-umh\/cartel-duatlon-2\/\" rel=\"attachment wp-att-6221\"><img loading=\"lazy\" class=\"alignnone size-medium wp-image-6221\" src=\"https:\/\/deportes.umh.es\/files\/2018\/02\/cartel-duatlon-2-300x204.jpg\" alt=\"\" width=\"300\" height=\"204\" srcset=\"https:\/\/deportes.umh.es\/files\/2018\/02\/cartel-duatlon-2-300x204.jpg 300w, https:\/\/deportes.umh.es\/files\/2018\/02\/cartel-duatlon-2-768x523.jpg 768w, https:\/\/deportes.umh.es\/files\/2018\/02\/cartel-duatlon-2-1024x697.jpg 1024w, https:\/\/deportes.umh.es\/files\/2018\/02\/cartel-duatlon-2.jpg 1600w\" sizes=\"(max-width: 300px) 100vw, 300px\" \/><\/a><\/div>\n<div><\/div>\n<div>\n<div><\/div>\n<p><span lang=\"ca\"><span lang=\"ca\"><span title=\"CAMPEONATO DE ESPA\u00d1A DE DUATL\u00d3N MD \">CAMPIONAT D&#8217;ESPANYA DE DUATL\u00d3 MD<br \/>\n<\/span><span title=\"ORIHUELA 90.0 \">ORIOLA 90.0<br \/>\n<\/span><span title=\"DOMINGO 4 DE MARZO DE 2018 \">DIUMENGE 4 DE MAR\u00c7 DE 2018<br \/>\n<\/span><span title=\"\uf076 Grupo Ciclismo: \">\uf076 Grup Ciclisme:<br \/>\n<\/span><span title=\"Hora de convocatoria: 8.00 h Recinto ferial \u201cLos Huertos\u201d. \">Hora de convocat\u00f2ria: 8.00 h Recinte firal &#8220;Els Horts&#8221;.<br \/>\n<\/span><span title=\"Ubicaci\u00f3n: PARKING AVD.\">Ubicaci\u00f3: PARKING AVD. <\/span><span title=\"DR G\u00d3MEZ PARDO R\u00d3DENAS. \">DR G\u00d3MEZ PARDO R\u00d3DENAS.<br \/>\n<\/span><span title=\"Responsable: Eli \">Responsable: Eli<br \/>\n<\/span><span title=\"*Deber\u00e1n llevar chaleco refl\u00e9ctante amarillo. \">* Hauran de portar armilla reflectant groc.<br \/>\n<\/span><span title=\"Funci\u00f3n: Cortar caminos, cruces o asegurar un punto conflictivo de la prueba para dejar libre el circuito en horario establecido de carrera (Guardia Civil abre carrera con bandera verde y cierra con bandera roja m\u00e1s coche escoba, aqu\u00ed acaba nuestro cometido). \">Funci\u00f3: Tallar camins, creus o assegurar un punt conflictiu de la prova per deixar lliure el circuit en horari establert de carrera (Gu\u00e0rdia Civil obre carrera amb bandera verda i tanca amb bandera vermella m\u00e9s cotxe escombra, aqu\u00ed acaba la nostra comesa).<br \/>\n<\/span><span title=\"Se facilitar\u00e1 un bus opcional para ubicar a los voluntarios que no dispongan de veh\u00edculo propio o prefieran ser ubicados desde el bus.\">Es facilitar\u00e0 un bus opcional per ubicar els voluntaris que no disposin de vehicle propi o prefereixin ser ubicats des del bus. <\/span><span title=\"La salida del bus ser\u00e1n lo m\u00e1s puntal posible a la hora de convocatoria y es preferible comunicar el uso del mismo. \">La sortida del bus seran el m\u00e9s puntal possible a l&#8217;hora de convocat\u00f2ria i \u00e9s preferible comunicar l&#8217;\u00fas del mateix.<br \/>\n<\/span><span title=\"La ubicaci\u00f3n de los distintos puntos a cubrir, ser\u00e1 facilitada por el responsable de \u00e1rea d\u00edas antes de la prueba, el voluntario puede optar tambi\u00e9n por el uso de veh\u00edculo propio para agilizar horarios. \">La ubicaci\u00f3 dels diferents punts a cobrir, ser\u00e0 facilitada pel responsable d&#8217;\u00e0rea dies abans de la prova, el voluntari pot optar tamb\u00e9 per l&#8217;\u00fas de vehicle propi per agilitzar horaris.<br \/>\n<\/span><span title=\"\uf076 Grupo A Carrera a pie: \">\uf076 Grup A Carrera a peu:<br \/>\n<\/span><span title=\"Hora de convocatoria: 8.00 h Plaza Colegio Diocesano Santo Domingo \">Hora de convocat\u00f2ria: 8.00 h Pla\u00e7a Col\u00b7legi Dioces\u00e0 Santo Domingo<br \/>\n<\/span><span title=\"Ubicaci\u00f3n: Carpa del Voluntariado \">Ubicaci\u00f3: Carpa del Voluntariat<br \/>\n<\/span><span title=\"Responsable: Paloma \">Responsable: Paloma<br \/>\n<\/span><span title=\"\uf076 Grupo B Carrera a pie: \">\uf076 Grup B Carrera a peu:<br \/>\n<\/span><span title=\"Hora de convocatoria: 10.15 h Plaza Colegio Diocesano Santo Domingo \">Hora de convocat\u00f2ria: 10.15 h Pla\u00e7a Col\u00b7legi Dioces\u00e0 Santo Domingo<br \/>\n<\/span><span title=\"Ubicaci\u00f3n: Carpa del Voluntariado \">Ubicaci\u00f3: Carpa del Voluntariat<br \/>\n<\/span><span title=\"Responsable: Paloma \">Responsable: Paloma<br \/>\n<\/span><span title=\"Funci\u00f3n: Prevenir flujo de gente en el recorrido, cortar caminos, cruces o asegurar un punto conflictivo de la prueba para dejar libre el circuito en horario establecido de carrera (habr\u00e1 dispositivo de apertura y cierre de carrera). \">Funci\u00f3: Prevenir flux de gent en el recorregut, tallar camins, creus o assegurar un punt conflictiu de la prova per deixar lliure el circuit en horari establert de carrera (hi haur\u00e0 dispositiu d&#8217;obertura i tancament de carrera).<\/span><\/span><\/span><span lang=\"ca\"><span lang=\"ca\"><span title=\"A los voluntarios se les entregar\u00e1 la bolsa del voluntariado con camiseta del evento, bocadillo, agua, fruta, pulsera para la comida, descuentos, por ejemplo en alguna prueba de a300w triatl\u00f3n club, y sorpresas.\">Als voluntaris se&#8217;ls lliurar\u00e0 la bossa del voluntariat amb samarreta de l&#8217;esdeveniment, entrep\u00e0, aigua, fruita, polsera per al menjar, descomptes, per exemple en alguna prova de a300w triatl\u00f3 club, i sorpreses. <\/span><span title=\"Todo ello en un ambiente deportivo a ritmo del mejor espect\u00e1culo. \">Tot aix\u00f2 en un ambient esportiu a ritme del millor espectacle.<\/span><\/span><\/span><\/p>\n<\/div>\n<div>\n<div id=\"gt-c\" class=\"g-section\">\n<div id=\"gt-form-c\">\n<div id=\"gt-text-all\">\n<div id=\"gt-main\">\n<div id=\"gt-text-c\">\n<div id=\"gt-text-top\">\n<div id=\"gt-res-c\" class=\"g-unit\">\n<div id=\"gt-res-p\">\n<div id=\"gt-res-data\">\n<div id=\"gt-res-wrap\">\n<div id=\"gt-res-content\">\n<div id=\"gt-res-dir-ctr\" class=\"trans-verified-button-small\" dir=\"ltr\">\n<p><span id=\"result_box\" lang=\"ca\"><span title=\"Perfil de los estudiantes requeridos: No es necesario un perfil especifico. \">Perfil dels estudiants requerits: No cal un perfil espec\u00edfic.<br \/>\n<\/span><span title=\"Mas info en: eli@a300w.com \u00f3 en Facebook en VoluntariadoA300W\">M\u00e9s info a: eli@a300w.com o al Facebook a VoluntariadoA300W<\/span><\/span><\/p>\n<\/div>\n<\/div>\n<\/div>\n<\/div>\n<\/div>\n<\/div>\n<\/div>\n<\/div>\n<\/div>\n<\/div>\n<\/div>\n<\/div>\n<\/div>\n<div><\/div>\n<div><span style=\"color: #0000ff\"><strong><span class=\"translation\">Pr\u00f2xim esdeveniment per a participar:<\/span><\/strong><\/span><\/div>\n<div><a href=\"https:\/\/deportes.umh.es\/cursos\/voluntariado-deportivo-umh\/cartel-carrera-solidaria-eliminando-barreras\/\" rel=\"attachment wp-att-5720\"><img loading=\"lazy\" class=\"alignnone size-medium wp-image-5720\" src=\"https:\/\/deportes.umh.es\/files\/2015\/10\/cartel-carrera-solidaria-eliminando-barreras-212x300.jpg\" alt=\"\" width=\"212\" height=\"300\" srcset=\"https:\/\/deportes.umh.es\/files\/2015\/10\/cartel-carrera-solidaria-eliminando-barreras-212x300.jpg 212w, https:\/\/deportes.umh.es\/files\/2015\/10\/cartel-carrera-solidaria-eliminando-barreras-768x1085.jpg 768w, https:\/\/deportes.umh.es\/files\/2015\/10\/cartel-carrera-solidaria-eliminando-barreras-725x1024.jpg 725w, https:\/\/deportes.umh.es\/files\/2015\/10\/cartel-carrera-solidaria-eliminando-barreras.jpg 1181w\" sizes=\"(max-width: 212px) 100vw, 212px\" \/><\/a><\/div>\n<div>\n<div class=\"result-shield-container\"><span class=\"translation\">Activitat: I Cursa Solid\u00e0ria &#8220;Eliminant Barreres&#8221;: \u00a0<\/span><\/div>\n<div class=\"result-shield-container\"><span class=\"translation\">Dates de l&#8217;activitat: 10 de desembre de 2017. Dates de treball del voluntariat: diumenge 10 de desembre. <\/span><\/div>\n<div class=\"result-shield-container\"><span class=\"translation\">Lloc de trobada: Cortefiel Alacant, Av. Doctor Gadea 24 Alacant. <\/span><\/div>\n<div class=\"result-shield-container\"><span class=\"translation\">Hores a realitzar i horaris: de 8 a 14 hores <\/span><\/div>\n<div class=\"result-shield-container\"><span class=\"translation\">Contacte per als voluntaris: JUAN JOS\u00c9 CASELLES L\u00d3PEZ, T\u00e8cnic d&#8217;oci de Cocemfe Alacant. 965257187 \/ ocio@cocemfealicante.org <\/span><\/div>\n<div class=\"result-shield-container\"><span class=\"translation\">Condicions del voluntariat: dietes, labors, segur, manutenci\u00f3, etc. Els voluntaris estarien assegurats per a l&#8217;activitat, les tasques a realitzar s\u00f3n les seg\u00fcents: \u2022 Repartiment de dorsals. \u2022 Zona d&#8217;avituallament. \u2022 Muntatge taula de trofeus. \u2022 Senyalitzaci\u00f3 i orientaci\u00f3 corredors \/ es durant la prova. Es lliurar\u00e0 una samarreta de la prova a cada voluntari i se li convid\u00e9s a un piscolabis durant el mat\u00ed. <\/span><\/div>\n<div class=\"result-shield-container\"><span class=\"translation\">Perfil dels estudiants requerits: No cal un perfil espec\u00edfic, encara que potser preferible estudiants de la zona d&#8217;Alacant per tema de despla\u00e7ament.<\/span><\/div>\n<\/div>\n<div><\/div>\n<div><span style=\"color: #0000ff\"><strong><span class=\"translation\">Pr\u00f2xim esdeveniment per a participar:<\/span><\/strong><\/span><\/div>\n<div>\n<div class=\"result-shield-container\"><span class=\"translation\">Activitat: Campionat d&#8217;Espanya de Gimn\u00e0stica: Col\u00b7laboraci\u00f3 amb la FGCV i RFEG per a l&#8217;organitzaci\u00f3 dels campionats Nacionals, ajuda als esportistes (accessos i orientaci\u00f3 en la instal\u00b7laci\u00f3), temps de la competici\u00f3, col\u00b7laboraci\u00f3 per al bon funcionament i correcte \u00fas dels espais p\u00fablics durant la competici\u00f3. <\/span><\/div>\n<div class=\"result-shield-container\"><span class=\"translation\">Dates de l&#8217;activitat: del 22 de novembre al 26 de novembre Dates de treball del voluntariat: del 22 de novembre al 26 de novembre <\/span><\/div>\n<div class=\"result-shield-container\"><span class=\"translation\">Lloc de trobada: Centre de Tecnificaci\u00f3 d&#8217;Alacant Centre de Tecnificaci\u00f3 d&#8217;Alacant <\/span><\/div>\n<div class=\"result-shield-container\"><span class=\"translation\">Hores a realitzar i horaris: Hi haur\u00e0 dos torns per dia de cada grup de treball, un torn de mat\u00ed i un torn de tarda d&#8217;aproximadament 7 hores cada un. <\/span><\/div>\n<div class=\"result-shield-container\"><span class=\"translation\">Contacte per als voluntaris: Elisa Maluenda i Adri\u00e1n Rodriguez (enviar un correu per demanar el n\u00famero de tel\u00e8fon) Condicions del voluntariat: dietes, labors, segur, manutenci\u00f3, etc .. Labors: Seran coordinats durant l&#8217;esdeveniment i Elisa i Adri\u00e1n els indicaran els seus llocs durant la competici\u00f3, es comptabilitzar\u00e0 el voluntariat de cada dia i depenent del torn se&#8217;ls proporcionar\u00e0 dinar o berenar, la FGCV contracta una asseguran\u00e7a de responsabilitat civil per a l&#8217;esdeveniment i estan coberts els col\u00b7laboradors i voluntaris. <\/span><\/div>\n<div class=\"result-shield-container\"><span class=\"translation\">Perfil dels estudiants requerits: Estudiants interessats en l&#8217;esport amb actitud positiva davant l&#8217;organitzaci\u00f3 d&#8217;esdeveniments i al tracte directe amb persones<\/span><\/div>\n<\/div>\n<div class=\"result-shield-container\"><strong><span class=\"translation\" style=\"color: #0000ff\">Pr\u00f2xim esdeveniment per a participar:<\/span><\/strong><\/div>\n<p><a href=\"https:\/\/deportes.umh.es\/files\/2015\/10\/Diptico_P\u00e1gina_2.jpg\"><img loading=\"lazy\" class=\"alignnone size-medium wp-image-5702\" src=\"https:\/\/deportes.umh.es\/files\/2015\/10\/Diptico_P\u00e1gina_2-300x300.jpg\" alt=\"\" width=\"300\" height=\"300\" srcset=\"https:\/\/deportes.umh.es\/files\/2015\/10\/Diptico_P\u00e1gina_2-300x300.jpg 300w, https:\/\/deportes.umh.es\/files\/2015\/10\/Diptico_P\u00e1gina_2-150x150.jpg 150w, https:\/\/deportes.umh.es\/files\/2015\/10\/Diptico_P\u00e1gina_2-768x768.jpg 768w, https:\/\/deportes.umh.es\/files\/2015\/10\/Diptico_P\u00e1gina_2-1024x1024.jpg 1024w, https:\/\/deportes.umh.es\/files\/2015\/10\/Diptico_P\u00e1gina_2.jpg 1701w\" sizes=\"(max-width: 300px) 100vw, 300px\" \/><\/a><\/p>\n<div>\n<div class=\"result-shield-container\"><span class=\"translation\">Activitat: Carrera i Marxa ben\u00e8fica Contra el C\u00e0ncer de Mama <\/span><\/div>\n<div class=\"result-shield-container\"><span class=\"translation\">Dates de l&#8217;activitat: 26 de novembre a les 10.00 <\/span><\/div>\n<div class=\"result-shield-container\"><span class=\"translation\">Lloc de trobada: Passeig de l&#8217;Estaci\u00f3 <\/span><\/div>\n<div class=\"result-shield-container\"><span class=\"translation\">Hores a Realitzar i Horaris: es realitzar\u00e0 una sortida simult\u00e0nia de carrera i marxa a les 10.00 hores des del Passeig. A les 11.30 se celebrar\u00e0 el Lliurament de Trofeus A les 11.45 comen\u00e7ar\u00e0 un acte de Zumba A les 12.15 tindr\u00e0 lloc la Cursa Infantil <\/span><\/div>\n<div class=\"result-shield-container\"><span class=\"translation\">Contacte per als Voluntaris: Inma Guzm\u00e1n. Sol\u00b7licitar tel\u00e8fon per correu o missatge.<\/span><\/div>\n<\/div>\n<div class=\"result-shield-container\"><span class=\"translation\">Condicions de Voluntariat: Els voluntaris tindran samarreta i esmorzar gratu\u00eft que se&#8217;ls facilitar\u00e0 des de l&#8217;Associaci\u00f3. Igualment, es concertar\u00e0 una asseguran\u00e7a d&#8217;accidents per a cada un d&#8217;ells. La funci\u00f3 a desenvolupar es basar\u00e0 en la delimitaci\u00f3 del recorregut a realitzar pels participants, de manera que col\u00b7laborin en la senyalitzaci\u00f3 segons les pautes de policia local. L&#8217;hora d&#8217;arribada a cada punt de senyalitzaci\u00f3 ser\u00e0 aproximadament a les 9.00 hores. Un cop hagin finalitzat la seva funci\u00f3 poden acudir al Passeig de l&#8217;Estaci\u00f3 a recollir el seu dinar en una de les carpes i seguir gaudint de l&#8217;esdeveniment. <\/span><\/div>\n<div class=\"result-shield-container\"><span class=\"translation\">Perfil d&#8217;estudiants requerits: voluntaris a partir de 18 anys<\/span><\/div>\n<div><\/div>\n<p><a href=\"https:\/\/deportes.umh.es\/2016\/10\/21\/participa-como-voluntario-en-la-mitja-marato-santa-pola-2017\/cartel-v2-mitja-santa-pola-2017\/\" rel=\"attachment wp-att-4835\"><img loading=\"lazy\" class=\"alignnone size-medium wp-image-4835\" src=\"https:\/\/deportes.umh.es\/files\/2016\/10\/CARTEL-V2-MITJA-SANTA-POLA-2017-213x300.png\" alt=\"cartel-v2-mitja-santa-pola-2017\" width=\"213\" height=\"300\" srcset=\"https:\/\/deportes.umh.es\/files\/2016\/10\/CARTEL-V2-MITJA-SANTA-POLA-2017-213x300.png 213w, https:\/\/deportes.umh.es\/files\/2016\/10\/CARTEL-V2-MITJA-SANTA-POLA-2017-727x1024.png 727w, https:\/\/deportes.umh.es\/files\/2016\/10\/CARTEL-V2-MITJA-SANTA-POLA-2017.png 728w\" sizes=\"(max-width: 213px) 100vw, 213px\" \/><\/a><\/p>\n<p>Participa com a voluntari a la Mitja Marat\u00f3 Santa Pola 2017, que se celebrar\u00e0 el diumenge 22 gener 2017.<\/p>\n<p>Si t\u2019interessa participar-hi, posa\u2019t en contacte amb el Club d\u2019Atletisme SANTA POLA al correu <a href=\"mailto:atletismosantapola@gmail.com\">atletismosantapola@gmail.com<\/a>. Us informaran tots els detalls, horaris i tasques espec\u00edfiques.<\/p>\n<p>Les tasques en qu\u00e8 pots participar s\u00f3n les seg\u00fcents:<\/p>\n<p>Control antidopatge:<br \/>\n\u2022 Acompanyament d\u2019atletes elit (necessari coneixements d\u2019angl\u00e8s)<\/p>\n<p>Serveis inscripcions \/ Incid\u00e8ncies en Fira del Corredor<br \/>\n\u2022 Incid\u00e8ncies inscripcions (necessari angl\u00e8s)<\/p>\n<p>Muntatge i desmuntatge arcs en punts quilom\u00e8trics<br \/>\n\u2022 Muntar \/ desmuntar i controlar bon funcionament fins pas de l\u2019\u00faltim corredor<\/p>\n<p>Control a la zona sortida<\/p>\n<p>Zona avituallament en meta<br \/>\n\u2022 Al servei del responsable de zona (ajuda repartiment de material, etc \u2026)<\/p>\n<p><span style=\"text-decoration: underline;color: #ff0000\">TAMB\u00c9 PER AL CADU 2016-2017\u00a0<\/span><\/p>\n<p>De todos modos, para registrarte en las bases de datos de la Oficina de Deportes de la UMH\u00a0como Voluntario para futuros eventos, por favor, rellena y env\u00eda\u00a0este formulario:<\/p>\n\n<!-- iframe plugin v.4.5 wordpress.org\/plugins\/iframe\/ -->\n<iframe src=\"https:\/\/docs.google.com\/forms\/d\/12DeUEcZ2tM9mbcjxF1__6ykpJ4L4YQOBLBNLouekMcw\/viewform?embedded=true\" width=\"760\" height=\"2000\" frameborder=\"0\" marginheight=\"0\" 0=\"marginwidth=&quot;0&quot;&gt;Cargando...\" scrolling=\"yes\" class=\"iframe-class\"><\/iframe>\n\n<p><img src=\"https:\/\/deportes.umh.es\/files\/2016\/03\/CARTEL-COPA-ESPA\u00d1A-TRIATLON-ARENALES-113-2016.jpg\" alt=\"\" \/><\/p>\n<p><strong>XII\u00a0<span class=\"hps\">Edici\u00f3 <\/span>Triatl\u00f3\u00a0Arenals\u00a0113 \u2013\u00a0\u00a0<span class=\"hps atn\">Copa d\u2019<\/span>Espanya de Mitja <span class=\"hps\">Dist\u00e0ncia-<\/span> <span class=\"hps\">17 abril 2016<\/span><\/strong><\/p>\n<p><span class=\"hps\">Per a m\u00e9s<\/span> <span class=\"hps\">informaci\u00f3n: <a href=\"https:\/\/deportes.umh.es\/novedades\/\" target=\"_blank\" rel=\"noopener noreferrer\">Voluntariado Arenales 113<\/a><\/span><\/p>","protected":false},"excerpt":{"rendered":"<p>Pr\u00f2xim esdeveniment per a participar:<br \/>\nIII Jornada Esportiva Familiar promoguda per la Fundaci\u00f3 Riu Safari i en col\u00b7laboraci\u00f3 amb el Projecte TAO que es compromet per les ter\u00e0pies assistides amb animals<\/p>\n<p>M\u00e9s informaci\u00f3n www.fundacionriosafari.org<\/p>\n<p>Horarios fundacion rio safari<\/p>\n<p>_______________________________________________________________________________________________________________<\/p>\n<p>\u00a0\u00a0<\/p>\n<p>CAMPIONAT D&#8217;ESPANYA DE DUATL\u00d3 MD<br \/>\nORIOLA 90.0<br \/>\nDIUMENGE 4 DE MAR\u00c7 DE 2018<br \/>\n\uf076 Grup Ciclisme:<br \/>\nHora de convocat\u00f2ria: 8.00 h Recinte firal &#8220;Els Horts&#8221;.<br \/>\nUbicaci\u00f3: [&#8230;]<\/p>\n","protected":false},"author":47,"featured_media":0,"parent":10157,"menu_order":1,"comment_status":"closed","ping_status":"open","template":"","meta":{"_links_to":"","_links_to_target":""},"_links":{"self":[{"href":"https:\/\/deportes.umh.es\/ca\/wp-json\/wp\/v2\/pages\/3998"}],"collection":[{"href":"https:\/\/deportes.umh.es\/ca\/wp-json\/wp\/v2\/pages"}],"about":[{"href":"https:\/\/deportes.umh.es\/ca\/wp-json\/wp\/v2\/types\/page"}],"author":[{"embeddable":true,"href":"https:\/\/deportes.umh.es\/ca\/wp-json\/wp\/v2\/users\/47"}],"replies":[{"embeddable":true,"href":"https:\/\/deportes.umh.es\/ca\/wp-json\/wp\/v2\/comments?post=3998"}],"version-history":[{"count":0,"href":"https:\/\/deportes.umh.es\/ca\/wp-json\/wp\/v2\/pages\/3998\/revisions"}],"up":[{"embeddable":true,"href":"https:\/\/deportes.umh.es\/ca\/wp-json\/wp\/v2\/pages\/10157"}],"wp:attachment":[{"href":"https:\/\/deportes.umh.es\/ca\/wp-json\/wp\/v2\/media?parent=3998"}],"curies":[{"name":"wp","href":"https:\/\/api.w.org\/{rel}","templated":true}]}}